{"id":5449,"date":"2018-07-09T08:26:05","date_gmt":"2018-07-09T08:26:05","guid":{"rendered":"https:\/\/dietamediterranea.com\/?post_type=cp_recipe&#038;p=5449"},"modified":"2018-07-09T09:33:02","modified_gmt":"2018-07-09T09:33:02","slug":"salmorejo","status":"publish","type":"cp_recipe","link":"https:\/\/dietamediterranea.com\/ca\/recipes\/salmorejo\/","title":{"rendered":"Salmorejo"},"content":{"rendered":"<h2>Salmorejo<\/h2>\n<h3>Ingredientes<\/h3>\n<div class=\"cooked-recipe-ingredients\">\n<div itemprop=\"recipeIngredient\" class=\"cooked-single-ingredient cooked-ingredient cooked-ing-no-checkbox\"><span class=\"cooked-ing-amount\" data-decimal=\"100\">100<\/span> <span class=\"cooked-ing-measurement\">ml<\/span> <span class=\"cooked-ing-name\">d&#8217;oli d&#8217;oliva verge extra<\/span><\/div>\n<div itemprop=\"recipeIngredient\" class=\"cooked-single-ingredient cooked-ingredient cooked-ing-no-checkbox\"><span class=\"cooked-ing-amount\" data-decimal=\"1\">1<\/span> <span class=\"cooked-ing-measurement\">kg<\/span> <span class=\"cooked-ing-name\">tom\u00e0quets vermells ben madurs<\/span><\/div>\n<div itemprop=\"recipeIngredient\" class=\"cooked-single-ingredient cooked-ingredient cooked-ing-no-checkbox\"><span class=\"cooked-ing-amount\" data-decimal=\"150\">150<\/span> <span class=\"cooked-ing-measurement\">g<\/span> <span class=\"cooked-ing-name\">pa de blat blanc<\/span><\/div>\n<div itemprop=\"recipeIngredient\" class=\"cooked-single-ingredient cooked-ingredient cooked-ing-no-checkbox\"><span class=\"cooked-ing-amount\" data-decimal=\"1\">1<\/span> <span class=\"cooked-ing-measurement\"><\/span> <span class=\"cooked-ing-name\">gra d&#8217;all<\/span><\/div>\n<div itemprop=\"recipeIngredient\" class=\"cooked-single-ingredient cooked-ingredient cooked-ing-no-checkbox\"><span class=\"cooked-ing-name\">una mica de sal<\/span><\/div>\n<\/div>\n<h3>Instrucciones<\/h3>\n<div class=\"cooked-recipe-directions\">\n<div class=\"cooked-single-direction cooked-direction\" data-step=\"Step 1\">\n<div class=\"cooked-dir-content\">\n<p>Netegem b\u00e9 els tom\u00e0quets i els tallem a quarts, els posem en un bol gran i triturem amb la batedora fins que quedi l\u00edquid. Passem per un colador per retirar possibles trossos de pell i petites llavors que hagin quedat.<\/p>\n<\/div>\n<\/div>\n<div class=\"cooked-single-direction cooked-direction\" data-step=\"Step 2\">\n<div class=\"cooked-dir-content\">\n<p>Tallem pa en trossos petits i els afegim al tom\u00e0quet batut. Deixem reposar 10 minuts.<\/p>\n<\/div>\n<\/div>\n<div class=\"cooked-single-direction cooked-direction\" data-step=\"Step 3\">\n<div class=\"cooked-dir-content\">\n<p>Pelem l\u2019all, traiem el centre i l\u2019afegim a la barreja de tom\u00e0quet i pa. El batem tot fins que quedi fi. Rectifiquem de sal (si cal).<\/p>\n<\/div>\n<\/div>\n<div class=\"cooked-single-direction cooked-direction\" data-step=\"Step 4\">\n<div class=\"cooked-dir-content\">\n<p>Servim en un plat fons o un bol, empolvorat amb encenalls de pernil i ou dur trossejat.<\/p>\n<\/div>\n<\/div>\n<\/div>\n","protected":false},"author":2,"featured_media":5439,"comment_status":"closed","ping_status":"closed","template":"","recipe_category":[],"class_list":["post-5449","cp_recipe","type-cp_recipe","status-publish","has-post-thumbnail"],"_links":{"self":[{"href":"https:\/\/dietamediterranea.com\/ca\/wp-json\/wp\/v2\/cooked_recipe\/5449\/"}],"collection":[{"href":"https:\/\/dietamediterranea.com\/ca\/wp-json\/wp\/v2\/cooked_recipe\/"}],"about":[{"href":"https:\/\/dietamediterranea.com\/ca\/wp-json\/wp\/v2\/types\/cp_recipe\/"}],"author":[{"embeddable":true,"href":"https:\/\/dietamediterranea.com\/ca\/wp-json\/wp\/v2\/users\/2\/"}],"replies":[{"embeddable":true,"href":"https:\/\/dietamediterranea.com\/ca\/wp-json\/wp\/v2\/comments\/?post=5449"}],"wp:featuredmedia":[{"embeddable":true,"href":"https:\/\/dietamediterranea.com\/ca\/wp-json\/wp\/v2\/media\/5439\/"}],"wp:attachment":[{"href":"https:\/\/dietamediterranea.com\/ca\/wp-json\/wp\/v2\/media\/?parent=5449"}],"wp:term":[{"taxonomy":"cp_recipe_category","embeddable":true,"href":"https:\/\/dietamediterranea.com\/ca\/wp-json\/wp\/v2\/recipe_category\/?post=5449"}],"curies":[{"name":"wp","href":"https:\/\/api.w.org\/{rel}","templated":true}]}}